{"id":4829,"date":"2023-03-03T21:09:05","date_gmt":"2023-03-04T02:09:05","guid":{"rendered":"https:\/\/www.osdrummondville.com\/?post_type=musiciens&#038;p=4829"},"modified":"2023-11-07T08:54:51","modified_gmt":"2023-11-07T13:54:51","slug":"sophie-nelisse","status":"publish","type":"musiciens","link":"https:\/\/www.osdrummondville.com\/en\/lorchestre\/musiciens\/sophie-nelisse\/","title":{"rendered":"Sophie N\u00e9lisse"},"content":{"rendered":"<p>Sophie N\u00e9lisse a d\u00e9j\u00e0 une carri\u00e8re d\u2019actrice impressionnante malgr\u00e9 son jeune \u00e2ge.\u00a0 Nous avons pu admirer son talent dans son premier grand r\u00f4le au cin\u00e9ma dans le film <strong><em>Monsieur Lazhar<\/em><\/strong> (Philippe Falardeau) en 2011.\u00a0 Ce r\u00f4le lui a valu de recevoir le Jutra et le Prix G\u00e9nie dans la cat\u00e9gorie r\u00f4le de soutien.\u00a0 La m\u00eame ann\u00e9e, elle d\u00e9bute sa participation \u00e0 la populaire s\u00e9rie t\u00e9l\u00e9 <strong><em>Les Parent<\/em><\/strong>.\u00a0 En 2013, elle d\u00e9croche le r\u00f4le principal dans le long m\u00e9trage <strong><em>The book thief<\/em><\/strong> (Brian Percival), r\u00f4le pour lequel elle re\u00e7oit 3 prix (Spotlight Award au Festival du film de Hollywood et le Meilleur espoir au Nevada Film Critics Society et Phoenix Film Critics).<\/p>\n<p>Elle participe \u00e0 plusieurs longs m\u00e9trages qu\u00e9b\u00e9cois dont <strong><em>Endorphine<\/em><\/strong> (Andr\u00e9 Turpin), en 2015, <strong><em>1\u00a0:54<\/em><\/strong> (Yan England) en 2016, <strong><em>Et au pire on se mariera<\/em><\/strong> (L\u00e9a Pool) en 2017 et <strong><em>Flashwood<\/em> <\/strong>(Jean-Carl Boucher) en 2019. La m\u00eame ann\u00e9e, elle encha\u00eene, avec le \u00a0r\u00f4le de Mia dans le film <strong><em>47 meters down <\/em><\/strong>(Johannes Roberts). En 2022, elle tourne dans <strong><em>Irena\u2019s vow<\/em><\/strong> (Louise Archambault) dans lequel elle tient le r\u00f4le-titre.<\/p>\n<p>\u00c0 la t\u00e9l\u00e9, elle a \u00e9t\u00e9 de la distribution de la s\u00e9rie <strong><em>Yellowjacket<\/em><\/strong>s (plusieurs r\u00e9alisateurs<em>) <strong>Transplant II<\/strong><\/em> (plusieurs r\u00e9alisateurs)<strong><em> Demain des hommes<\/em><\/strong> (Yves-Christian Fournier) et de la quatri\u00e8me saison de<em> <strong>L\u2019\u00c9chapp\u00e9e<\/strong><\/em> (Myriam Bouchard et Fran\u00e7ois B\u00e9gin).<\/p>\n<p>Sophie a aussi tourn\u00e9 dans plusieurs projets aux \u00c9tats-Unis comme \u00e0 l\u2019international, jouant aux c\u00f4t\u00e9s de Noomi Rapace, Glenn Close, Cathy Bates, Indira Varma, Heather Graham, Adam Brody et d\u2019autres.<\/p>\n","protected":false},"featured_media":2364,"template":"","instrument":[],"categorie-musicien":[],"class_list":["post-4829","musiciens","type-musiciens","status-publish","has-post-thumbnail","hentry"],"acf":[],"yoast_head":"<!-- This site is optimized with the Yoast SEO plugin v27.4 - https:\/\/yoast.com\/product\/yoast-seo-wordpress\/ -->\n<title>Sophie N\u00e9lisse | Orchestre symphonique de Drummondville<\/title>\n<meta name=\"robots\" content=\"index, follow, max-snippet:-1, max-image-preview:large, max-video-preview:-1\" \/>\n<link rel=\"canonical\" href=\"https:\/\/www.osdrummondville.com\/lorchestre\/musiciens\/sophie-nelisse\/\" \/>\n<meta property=\"og:locale\" content=\"en_US\" \/>\n<meta property=\"og:type\" content=\"article\" \/>\n<meta property=\"og:title\" content=\"Sophie N\u00e9lisse | Orchestre symphonique de Drummondville\" \/>\n<meta property=\"og:description\" content=\"Sophie N\u00e9lisse a d\u00e9j\u00e0 une carri\u00e8re d\u2019actrice impressionnante malgr\u00e9 son jeune \u00e2ge.\u00a0 Nous avons pu admirer son talent dans son [&hellip;]\" \/>\n<meta property=\"og:url\" content=\"https:\/\/www.osdrummondville.com\/lorchestre\/musiciens\/sophie-nelisse\/\" \/>\n<meta property=\"og:site_name\" content=\"Orchestre symphonique de Drummondville\" \/>\n<meta property=\"article:modified_time\" content=\"2023-11-07T13:54:51+00:00\" \/>\n<meta property=\"og:image\" content=\"https:\/\/www.osdrummondville.emblemedev.ca\/wp-content\/uploads\/2023\/03\/sophie-nelisse-credit-emilie-hebert.jpg\" \/>\n\t<meta property=\"og:image:width\" content=\"426\" \/>\n\t<meta property=\"og:image:height\" content=\"640\" \/>\n\t<meta property=\"og:image:type\" content=\"image\/jpeg\" \/>\n<meta name=\"twitter:card\" content=\"summary_large_image\" \/>\n<meta name=\"twitter:label1\" content=\"Est. reading time\" \/>\n\t<meta name=\"twitter:data1\" content=\"2 minutes\" \/>\n<script type=\"application\/ld+json\" class=\"yoast-schema-graph\">{\"@context\":\"https:\\\/\\\/schema.org\",\"@graph\":[{\"@type\":\"WebPage\",\"@id\":\"https:\\\/\\\/www.osdrummondville.com\\\/lorchestre\\\/musiciens\\\/sophie-nelisse\\\/\",\"url\":\"https:\\\/\\\/www.osdrummondville.com\\\/lorchestre\\\/musiciens\\\/sophie-nelisse\\\/\",\"name\":\"Sophie N\u00e9lisse | Orchestre symphonique de Drummondville\",\"isPartOf\":{\"@id\":\"https:\\\/\\\/www.osdrummondville.com\\\/#website\"},\"primaryImageOfPage\":{\"@id\":\"https:\\\/\\\/www.osdrummondville.com\\\/lorchestre\\\/musiciens\\\/sophie-nelisse\\\/#primaryimage\"},\"image\":{\"@id\":\"https:\\\/\\\/www.osdrummondville.com\\\/lorchestre\\\/musiciens\\\/sophie-nelisse\\\/#primaryimage\"},\"thumbnailUrl\":\"https:\\\/\\\/www.osdrummondville.com\\\/wp-content\\\/uploads\\\/2023\\\/03\\\/sophie-nelisse-credit-emilie-hebert.jpg\",\"datePublished\":\"2023-03-04T02:09:05+00:00\",\"dateModified\":\"2023-11-07T13:54:51+00:00\",\"breadcrumb\":{\"@id\":\"https:\\\/\\\/www.osdrummondville.com\\\/lorchestre\\\/musiciens\\\/sophie-nelisse\\\/#breadcrumb\"},\"inLanguage\":\"en-US\",\"potentialAction\":[{\"@type\":\"ReadAction\",\"target\":[\"https:\\\/\\\/www.osdrummondville.com\\\/lorchestre\\\/musiciens\\\/sophie-nelisse\\\/\"]}]},{\"@type\":\"ImageObject\",\"inLanguage\":\"en-US\",\"@id\":\"https:\\\/\\\/www.osdrummondville.com\\\/lorchestre\\\/musiciens\\\/sophie-nelisse\\\/#primaryimage\",\"url\":\"https:\\\/\\\/www.osdrummondville.com\\\/wp-content\\\/uploads\\\/2023\\\/03\\\/sophie-nelisse-credit-emilie-hebert.jpg\",\"contentUrl\":\"https:\\\/\\\/www.osdrummondville.com\\\/wp-content\\\/uploads\\\/2023\\\/03\\\/sophie-nelisse-credit-emilie-hebert.jpg\",\"width\":426,\"height\":640},{\"@type\":\"BreadcrumbList\",\"@id\":\"https:\\\/\\\/www.osdrummondville.com\\\/lorchestre\\\/musiciens\\\/sophie-nelisse\\\/#breadcrumb\",\"itemListElement\":[{\"@type\":\"ListItem\",\"position\":1,\"name\":\"Accueil\",\"item\":\"https:\\\/\\\/www.osdrummondville.com\\\/\"},{\"@type\":\"ListItem\",\"position\":2,\"name\":\"Sophie N\u00e9lisse\"}]},{\"@type\":\"WebSite\",\"@id\":\"https:\\\/\\\/www.osdrummondville.com\\\/#website\",\"url\":\"https:\\\/\\\/www.osdrummondville.com\\\/\",\"name\":\"Orchestre symphonique de Drummondville\",\"description\":\"Julien Proulx, Directeur artistique\",\"potentialAction\":[{\"@type\":\"SearchAction\",\"target\":{\"@type\":\"EntryPoint\",\"urlTemplate\":\"https:\\\/\\\/www.osdrummondville.com\\\/?s={search_term_string}\"},\"query-input\":{\"@type\":\"PropertyValueSpecification\",\"valueRequired\":true,\"valueName\":\"search_term_string\"}}],\"inLanguage\":\"en-US\"}]}<\/script>\n<!-- \/ Yoast SEO plugin. -->","yoast_head_json":{"title":"Sophie N\u00e9lisse | Orchestre symphonique de Drummondville","robots":{"index":"index","follow":"follow","max-snippet":"max-snippet:-1","max-image-preview":"max-image-preview:large","max-video-preview":"max-video-preview:-1"},"canonical":"https:\/\/www.osdrummondville.com\/lorchestre\/musiciens\/sophie-nelisse\/","og_locale":"en_US","og_type":"article","og_title":"Sophie N\u00e9lisse | Orchestre symphonique de Drummondville","og_description":"Sophie N\u00e9lisse a d\u00e9j\u00e0 une carri\u00e8re d\u2019actrice impressionnante malgr\u00e9 son jeune \u00e2ge.\u00a0 Nous avons pu admirer son talent dans son [&hellip;]","og_url":"https:\/\/www.osdrummondville.com\/lorchestre\/musiciens\/sophie-nelisse\/","og_site_name":"Orchestre symphonique de Drummondville","article_modified_time":"2023-11-07T13:54:51+00:00","og_image":[{"width":426,"height":640,"url":"https:\/\/www.osdrummondville.emblemedev.ca\/wp-content\/uploads\/2023\/03\/sophie-nelisse-credit-emilie-hebert.jpg","type":"image\/jpeg"}],"twitter_card":"summary_large_image","twitter_misc":{"Est. reading time":"2 minutes"},"schema":{"@context":"https:\/\/schema.org","@graph":[{"@type":"WebPage","@id":"https:\/\/www.osdrummondville.com\/lorchestre\/musiciens\/sophie-nelisse\/","url":"https:\/\/www.osdrummondville.com\/lorchestre\/musiciens\/sophie-nelisse\/","name":"Sophie N\u00e9lisse | Orchestre symphonique de Drummondville","isPartOf":{"@id":"https:\/\/www.osdrummondville.com\/#website"},"primaryImageOfPage":{"@id":"https:\/\/www.osdrummondville.com\/lorchestre\/musiciens\/sophie-nelisse\/#primaryimage"},"image":{"@id":"https:\/\/www.osdrummondville.com\/lorchestre\/musiciens\/sophie-nelisse\/#primaryimage"},"thumbnailUrl":"https:\/\/www.osdrummondville.com\/wp-content\/uploads\/2023\/03\/sophie-nelisse-credit-emilie-hebert.jpg","datePublished":"2023-03-04T02:09:05+00:00","dateModified":"2023-11-07T13:54:51+00:00","breadcrumb":{"@id":"https:\/\/www.osdrummondville.com\/lorchestre\/musiciens\/sophie-nelisse\/#breadcrumb"},"inLanguage":"en-US","potentialAction":[{"@type":"ReadAction","target":["https:\/\/www.osdrummondville.com\/lorchestre\/musiciens\/sophie-nelisse\/"]}]},{"@type":"ImageObject","inLanguage":"en-US","@id":"https:\/\/www.osdrummondville.com\/lorchestre\/musiciens\/sophie-nelisse\/#primaryimage","url":"https:\/\/www.osdrummondville.com\/wp-content\/uploads\/2023\/03\/sophie-nelisse-credit-emilie-hebert.jpg","contentUrl":"https:\/\/www.osdrummondville.com\/wp-content\/uploads\/2023\/03\/sophie-nelisse-credit-emilie-hebert.jpg","width":426,"height":640},{"@type":"BreadcrumbList","@id":"https:\/\/www.osdrummondville.com\/lorchestre\/musiciens\/sophie-nelisse\/#breadcrumb","itemListElement":[{"@type":"ListItem","position":1,"name":"Accueil","item":"https:\/\/www.osdrummondville.com\/"},{"@type":"ListItem","position":2,"name":"Sophie N\u00e9lisse"}]},{"@type":"WebSite","@id":"https:\/\/www.osdrummondville.com\/#website","url":"https:\/\/www.osdrummondville.com\/","name":"Orchestre symphonique de Drummondville","description":"Julien Proulx, Directeur artistique","potentialAction":[{"@type":"SearchAction","target":{"@type":"EntryPoint","urlTemplate":"https:\/\/www.osdrummondville.com\/?s={search_term_string}"},"query-input":{"@type":"PropertyValueSpecification","valueRequired":true,"valueName":"search_term_string"}}],"inLanguage":"en-US"}]}},"_links":{"self":[{"href":"https:\/\/www.osdrummondville.com\/en\/wp-json\/wp\/v2\/musiciens\/4829","targetHints":{"allow":["GET"]}}],"collection":[{"href":"https:\/\/www.osdrummondville.com\/en\/wp-json\/wp\/v2\/musiciens"}],"about":[{"href":"https:\/\/www.osdrummondville.com\/en\/wp-json\/wp\/v2\/types\/musiciens"}],"wp:featuredmedia":[{"embeddable":true,"href":"https:\/\/www.osdrummondville.com\/en\/wp-json\/wp\/v2\/media\/2364"}],"wp:attachment":[{"href":"https:\/\/www.osdrummondville.com\/en\/wp-json\/wp\/v2\/media?parent=4829"}],"wp:term":[{"taxonomy":"instrument","embeddable":true,"href":"https:\/\/www.osdrummondville.com\/en\/wp-json\/wp\/v2\/instrument?post=4829"},{"taxonomy":"categorie-musicien","embeddable":true,"href":"https:\/\/www.osdrummondville.com\/en\/wp-json\/wp\/v2\/categorie-musicien?post=4829"}],"curies":[{"name":"wp","href":"https:\/\/api.w.org\/{rel}","templated":true}]}}